{"id":7698,"date":"2023-02-10T20:08:54","date_gmt":"2023-02-10T20:08:54","guid":{"rendered":"https:\/\/redreleg.sangregorio.edu.ec\/?page_id=7698"},"modified":"2023-02-10T20:11:35","modified_gmt":"2023-02-10T20:11:35","slug":"elementor-7698","status":"publish","type":"page","link":"https:\/\/redreleg.sangregorio.edu.ec\/index.php\/elementor-7698\/","title":{"rendered":"INTEGRANTES"},"content":{"rendered":"\t\t<div data-elementor-type=\"wp-page\" data-elementor-id=\"7698\" class=\"elementor elementor-7698\">\n\t\t\t\t\t\t\t\t\t<section class=\"elementor-section elementor-top-section elementor-element elementor-element-a3b59bf elementor-section-boxed elementor-section-height-default elementor-section-height-default\" data-id=\"a3b59bf\" data-element_type=\"section\">\n\t\t\t\t\t\t<div class=\"elementor-container elementor-column-gap-default\">\n\t\t\t\t\t<div class=\"elementor-column elementor-col-33 elementor-top-column elementor-element elementor-element-4a60238\" data-id=\"4a60238\" data-element_type=\"column\">\n\t\t\t<div class=\"elementor-widget-wrap elementor-element-populated\">\n\t\t\t\t\t\t\t\t<div class=\"elementor-element elementor-element-4aba574 elementor-widget elementor-widget-team-card\" data-id=\"4aba574\" data-element_type=\"widget\" data-widget_type=\"team-card.default\">\n\t\t\t\t<div class=\"elementor-widget-container\">\n\t\t\t<div class=\"team-card\"><div class=\"tm-img-wrapper\"><img decoding=\"async\" src=\"https:\/\/redreleg.sangregorio.edu.ec\/wp-content\/uploads\/2021\/12\/Alba_Moreira.png\" title=\"Alba_Moreira\" alt=\"Alba_Moreira\" loading=\"lazy\" \/><div class=\"tm-bio\"><h3 class=\"tm-title\">Biograf\u00eda<\/h3><p class=\"tm-description\">Docente en la Universidad de Burdeos desde 2010, soy Responsable de la Licencia Profesional en Gesti\u00f3n Intercultural en el ambito Internacional y de las Relaciones Internacionales del Departamento de T\u00e9cnicas de Comercializacion. Investigadora del Centro de Investigaciones Ib\u00e9ricas e Iberoamericanas (CRIIA por las siglas en franc\u00e9s) de la Universidad de Paris Nanterre, mis ejes de investigaci\u00f3n actuales conciernen el Ecuador, en particular, la econom\u00eda popular, social y solidaria, el concepto constitucional del buen vivir, los avances en materia ambiental de la Constituci\u00f3n de 2008, las controversias en torno al concepto de derecho de la naturaleza y el proyecto intercultural y plurinacional del Estado ecuatoriano.<\/p><div class=\"tm-icon-links\">\r\n        <ul class=\"social-icons \">\r\n            \n<li>\r\n                    <a href='https:\/\/www.linkedin.com\/in\/albamoreira\/'>\r\n                        <i class='fab fa-linkedin-in'><\/i>\r\n                    <\/a>\r\n                <\/li>\n<li>\r\n                    <a href='https:\/\/twitter.com\/almp16'>\r\n                        <i class='fab fa-twitter'><\/i>\r\n                    <\/a>\r\n                <\/li>\n<li>\r\n                    <a href='https:\/\/www.facebook.com\/albamopi\/'>\r\n                        <i class='fab fa-facebook'><\/i>\r\n                    <\/a>\r\n                <\/li>\n\r\n        <\/ul><\/div><\/div><\/div><div class=\"tm-info\"><h4 class=\"tm-name\">Alba Moreira<\/h4><span class=\"tm-role\">Docente investigadora en estudios de g\u00e9nero. Coordinadora de RELEG<\/span><a href=\"#\" class=\"btn-bio\"><span><\/span><\/a><\/div><\/div>\t\t\t\t<\/div>\n\t\t\t\t<\/div>\n\t\t\t\t\t<\/div>\n\t\t<\/div>\n\t\t\t\t<div class=\"elementor-column elementor-col-33 elementor-top-column elementor-element elementor-element-1a90ce3\" data-id=\"1a90ce3\" data-element_type=\"column\">\n\t\t\t<div class=\"elementor-widget-wrap elementor-element-populated\">\n\t\t\t\t\t\t\t\t<div class=\"elementor-element elementor-element-9050118 elementor-widget elementor-widget-team-card\" data-id=\"9050118\" data-element_type=\"widget\" data-widget_type=\"team-card.default\">\n\t\t\t\t<div class=\"elementor-widget-container\">\n\t\t\t<div class=\"team-card\"><div class=\"tm-img-wrapper\"><img decoding=\"async\" src=\"https:\/\/redreleg.sangregorio.edu.ec\/wp-content\/uploads\/2021\/12\/Lucia_Zambrano.png\" title=\"Lucia_Zambrano\" alt=\"Lucia_Zambrano\" loading=\"lazy\" \/><div class=\"tm-bio\"><h3 class=\"tm-title\">Biograf\u00eda<\/h3><p class=\"tm-description\">Docente investigadora y jefa de Planificaci\u00f3n Institucional de la Universidad San Gregorio de Portoviejo. Es candidata a doctora por la Universidad de C\u00f3rdoba (Espa\u00f1a) y maestra en docencia e investigaci\u00f3n educativa. Sus l\u00edneas de investigaci\u00f3n son condiciones laborales, emprendimiento y g\u00e9nero.<\/p><div class=\"tm-icon-links\">\r\n        <ul class=\"social-icons \">\r\n            \n<li>\r\n                    <a href='https:\/\/www.linkedin.com\/in\/lucia-zambrano-98773a23\/'>\r\n                        <i class='fab fa-linkedin-in'><\/i>\r\n                    <\/a>\r\n                <\/li>\n<li>\r\n                    <a href='https:\/\/twitter.com\/luzitazam'>\r\n                        <i class='fab fa-twitter'><\/i>\r\n                    <\/a>\r\n                <\/li>\n<li>\r\n                    <a href='https:\/\/www.facebook.com\/lucia.zambranosantos'>\r\n                        <i class='fab fa-facebook'><\/i>\r\n                    <\/a>\r\n                <\/li>\n\r\n        <\/ul><\/div><\/div><\/div><div class=\"tm-info\"><h4 class=\"tm-name\">Luc\u00eda Zambrano<\/h4><span class=\"tm-role\">Docente Investigadora y Jefa de Planificaci\u00f3n de la Universidad San Gregorio de Portoviejo\n<\/span><a href=\"#\" class=\"btn-bio\"><span><\/span><\/a><\/div><\/div>\t\t\t\t<\/div>\n\t\t\t\t<\/div>\n\t\t\t\t\t<\/div>\n\t\t<\/div>\n\t\t\t\t<div class=\"elementor-column elementor-col-33 elementor-top-column elementor-element elementor-element-d992fea\" data-id=\"d992fea\" data-element_type=\"column\">\n\t\t\t<div class=\"elementor-widget-wrap elementor-element-populated\">\n\t\t\t\t\t\t\t\t<div class=\"elementor-element elementor-element-2af62cc elementor-widget elementor-widget-team-card\" data-id=\"2af62cc\" data-element_type=\"widget\" data-widget_type=\"team-card.default\">\n\t\t\t\t<div class=\"elementor-widget-container\">\n\t\t\t<div class=\"team-card\"><div class=\"tm-img-wrapper\"><img decoding=\"async\" src=\"https:\/\/redreleg.sangregorio.edu.ec\/wp-content\/uploads\/2021\/12\/Ignacio_Loor.png\" title=\"Ignacio_Loor\" alt=\"Ignacio_Loor\" loading=\"lazy\" \/><div class=\"tm-bio\"><h3 class=\"tm-title\">Biograf\u00eda<\/h3><p class=\"tm-description\">Docente investigador de la Universidad San Gregorio de Portoviejo y director del Departamento de Investigaci\u00f3n. Es doctor en Geograf\u00eda Humana por la Universidad de Manchester (Reino Unido). Sus l\u00edneas de investigaci\u00f3n son urbanismo y desarrollo sostenible.<\/p><div class=\"tm-icon-links\">\r\n        <ul class=\"social-icons \">\r\n            \n<li>\r\n                    <a href='https:\/\/www.linkedin.com\/in\/iloor\/?originalSubdomain=ec'>\r\n                        <i class='fab fa-twitter'><\/i>\r\n                    <\/a>\r\n                <\/li>\n<li>\r\n                    <a href='https:\/\/twitter.com\/iloor'>\r\n                        <i class='fab fa-twitter'><\/i>\r\n                    <\/a>\r\n                <\/li>\n<li>\r\n                    <a href='https:\/\/www.facebook.com\/ignacio.loor.3'>\r\n                        <i class='fab fa-facebook'><\/i>\r\n                    <\/a>\r\n                <\/li>\n\r\n        <\/ul><\/div><\/div><\/div><div class=\"tm-info\"><h4 class=\"tm-name\">Ignacio Loor<\/h4><span class=\"tm-role\">Docente Investigador de la Universidad San Gregorio de Portoviejo<\/span><a href=\"#\" class=\"btn-bio\"><span><\/span><\/a><\/div><\/div>\t\t\t\t<\/div>\n\t\t\t\t<\/div>\n\t\t\t\t\t<\/div>\n\t\t<\/div>\n\t\t\t\t\t\t\t<\/div>\n\t\t<\/section>\n\t\t\t\t<section class=\"elementor-section elementor-top-section elementor-element elementor-element-f8ba536 elementor-section-boxed elementor-section-height-default elementor-section-height-default\" data-id=\"f8ba536\" data-element_type=\"section\">\n\t\t\t\t\t\t<div class=\"elementor-container elementor-column-gap-default\">\n\t\t\t\t\t<div class=\"elementor-column elementor-col-33 elementor-top-column elementor-element elementor-element-f134dad\" data-id=\"f134dad\" data-element_type=\"column\">\n\t\t\t<div class=\"elementor-widget-wrap elementor-element-populated\">\n\t\t\t\t\t\t\t\t<div class=\"elementor-element elementor-element-1eebda2 elementor-widget elementor-widget-team-card\" data-id=\"1eebda2\" data-element_type=\"widget\" data-widget_type=\"team-card.default\">\n\t\t\t\t<div class=\"elementor-widget-container\">\n\t\t\t<div class=\"team-card\"><div class=\"tm-img-wrapper\"><img decoding=\"async\" src=\"https:\/\/redreleg.sangregorio.edu.ec\/wp-content\/uploads\/2023\/01\/Guadalupe-Gomez-copia.png\" title=\"Guadalupe-G\u00f3mez-copia\" alt=\"Guadalupe-G\u00f3mez-copia\" loading=\"lazy\" \/><div class=\"tm-bio\"><h3 class=\"tm-title\">Biograf\u00eda<\/h3><p class=\"tm-description\">PhD. Doctorado Internacional. ESTUDIOS INTERCULTURALES EN EDUCACI\u00d3N. L\u00ednea 4 (Estudios interculturales con menci\u00f3n Racismo)\nMi docencia, mi investigaci\u00f3n y mi posici\u00f3n pol\u00edtica est\u00e1n empapadas de fina lluvia feminista. El feminismo negro hoy desde Esmeraldas.\n2021\n\u2022\tInvestigaci\u00f3n educativa en\/con\/sobre feminismo negro esmeralde\u00f1o. La vagina como tropo.\n\u2022\tT\u00edtulo: \u00abPercepciones sobre racismo hacia mujeres ind\u00edgenas universitarias: an\u00e1lisis desde la interseccionalidad con un enfoque intercultural\u00bb.  Defendida en 2021\n\u2022\tT\u00edtulo: \u00abAn\u00e1lisis de perfiles de docentes en la rama de Interculturalidad Universitaria\u00bb Pendiente de defensa\n\u2022\tT\u00edtulo: \u00abConstrucci\u00f3n de nuevas masculinidades. estudio de caso unidad educativa Guillermo Mensi\u00bb. Defendida en 2021<\/p><div class=\"tm-icon-links\">\r\n        <ul class=\"social-icons \">\r\n            \n<li>\r\n                    <a href='https:\/\/www.facebook.com\/guadalupe.gomez.50552'>\r\n                        <i class='fab fa-facebook'><\/i>\r\n                    <\/a>\r\n                <\/li>\n\r\n        <\/ul><\/div><\/div><\/div><div class=\"tm-info\"><h4 class=\"tm-name\">Guadalupe Go\u0301mez<\/h4><span class=\"tm-role\">PhD. Doctorado Internacional Estudios Interculturales en Educaci\u00f3n con menci\u00f3n Racismo<\/span><a href=\"#\" class=\"btn-bio\"><span><\/span><\/a><\/div><\/div>\t\t\t\t<\/div>\n\t\t\t\t<\/div>\n\t\t\t\t\t<\/div>\n\t\t<\/div>\n\t\t\t\t<div class=\"elementor-column elementor-col-33 elementor-top-column elementor-element elementor-element-b50780b\" data-id=\"b50780b\" data-element_type=\"column\">\n\t\t\t<div class=\"elementor-widget-wrap elementor-element-populated\">\n\t\t\t\t\t\t\t\t<div class=\"elementor-element elementor-element-61768f9 elementor-widget elementor-widget-team-card\" data-id=\"61768f9\" data-element_type=\"widget\" data-widget_type=\"team-card.default\">\n\t\t\t\t<div class=\"elementor-widget-container\">\n\t\t\t<div class=\"team-card\"><div class=\"tm-img-wrapper\"><img decoding=\"async\" src=\"https:\/\/redreleg.sangregorio.edu.ec\/wp-content\/uploads\/2021\/12\/Belen_Rodriguez.png\" title=\"Belen_Rodriguez\" alt=\"Belen_Rodriguez\" loading=\"lazy\" \/><div class=\"tm-bio\"><h3 class=\"tm-title\">Biograf\u00eda<\/h3><p class=\"tm-description\">Bel\u00e9n Amador Rodr\u00edguez es periodista, docente e investigadora. Concibe la comunicaci\u00f3n y la educaci\u00f3n como herramientas claves de transformaci\u00f3n social y ha intentado aunarlas tanto a nivel formativo como durante su experiencia profesional. Licenciada en Periodismo, con un M\u00e1ster en Estudios Lationamericanos especializado en Gesti\u00f3n y Cultural y Doctora en Comunicaci\u00f3n con menci\u00f3n internacional por la Universidad de Sevilla. Es docente de la Universidad T\u00e9cnica \u2018Luis Vargas Torres\u2019 de Esmeraldas desde enero de 2017, y forma parte de la Comisi\u00f3n para la Gu\u00eda Institucional con Enfoque de G\u00e9nero (COGIEG).\u00a0<\/p><div class=\"tm-icon-links\"><\/div><\/div><\/div><div class=\"tm-info\"><h4 class=\"tm-name\">Bel\u00e9n Amador<\/h4><span class=\"tm-role\">Docente investigadora, Universidad Luis Vargas Torres<\/span><a href=\"#\" class=\"btn-bio\"><span><\/span><\/a><\/div><\/div>\t\t\t\t<\/div>\n\t\t\t\t<\/div>\n\t\t\t\t\t<\/div>\n\t\t<\/div>\n\t\t\t\t<div class=\"elementor-column elementor-col-33 elementor-top-column elementor-element elementor-element-1db7439\" data-id=\"1db7439\" data-element_type=\"column\">\n\t\t\t<div class=\"elementor-widget-wrap elementor-element-populated\">\n\t\t\t\t\t\t\t\t<div class=\"elementor-element elementor-element-73ada41 elementor-widget elementor-widget-team-card\" data-id=\"73ada41\" data-element_type=\"widget\" data-widget_type=\"team-card.default\">\n\t\t\t\t<div class=\"elementor-widget-container\">\n\t\t\t<div class=\"team-card\"><div class=\"tm-img-wrapper\"><img decoding=\"async\" src=\"https:\/\/redreleg.sangregorio.edu.ec\/wp-content\/uploads\/2021\/12\/Orlando_Lazo.png\" title=\"Orlando_Lazo\" alt=\"Orlando_Lazo\" loading=\"lazy\" \/><div class=\"tm-bio\"><h3 class=\"tm-title\">Biograf\u00eda<\/h3><p class=\"tm-description\">Docente investigador de la Universidad San Gregorio de Portoviejo. Es maestro en Antropolog\u00eda Visual y Documental Antropol\u00f3gico por la FLACSO-Ecuador. Sus l\u00edneas de inter\u00e9s son la Historia del Arte; la Teor\u00eda y Cr\u00edtica de las Artes Visuales; Fotograf\u00eda; Historia, Memoria y Antropolog\u00eda.<\/p><div class=\"tm-icon-links\">\r\n        <ul class=\"social-icons \">\r\n            \n<li>\r\n                    <a href='https:\/\/twitter.com\/Orlyrafa'>\r\n                        <i class='fab fa-twitter'><\/i>\r\n                    <\/a>\r\n                <\/li>\n<li>\r\n                    <a href='https:\/\/www.facebook.com\/orlandorafael.lazopasto'>\r\n                        <i class='fab fa-facebook'><\/i>\r\n                    <\/a>\r\n                <\/li>\n\r\n        <\/ul><\/div><\/div><\/div><div class=\"tm-info\"><h4 class=\"tm-name\">Orlando Lazo<\/h4><span class=\"tm-role\">Docente Investigador de la Universidad San Gregorio de Portoviejo<\/span><a href=\"#\" class=\"btn-bio\"><span><\/span><\/a><\/div><\/div>\t\t\t\t<\/div>\n\t\t\t\t<\/div>\n\t\t\t\t\t<\/div>\n\t\t<\/div>\n\t\t\t\t\t\t\t<\/div>\n\t\t<\/section>\n\t\t\t\t<section class=\"elementor-section elementor-top-section elementor-element elementor-element-7ec9dd0 elementor-section-boxed elementor-section-height-default elementor-section-height-default\" data-id=\"7ec9dd0\" data-element_type=\"section\">\n\t\t\t\t\t\t<div class=\"elementor-container elementor-column-gap-default\">\n\t\t\t\t\t<div class=\"elementor-column elementor-col-33 elementor-top-column elementor-element elementor-element-a63578a\" data-id=\"a63578a\" data-element_type=\"column\">\n\t\t\t<div class=\"elementor-widget-wrap elementor-element-populated\">\n\t\t\t\t\t\t\t\t<div class=\"elementor-element elementor-element-2ab683e elementor-widget elementor-widget-team-card\" data-id=\"2ab683e\" data-element_type=\"widget\" data-widget_type=\"team-card.default\">\n\t\t\t\t<div class=\"elementor-widget-container\">\n\t\t\t<div class=\"team-card\"><div class=\"tm-img-wrapper\"><img decoding=\"async\" src=\"https:\/\/redreleg.sangregorio.edu.ec\/wp-content\/uploads\/2021\/12\/Regis_Dandoy.png\" title=\"Regis_Dandoy\" alt=\"Regis_Dandoy\" loading=\"lazy\" \/><div class=\"tm-bio\"><h3 class=\"tm-title\">Biograf\u00eda<\/h3><p class=\"tm-description\">R\u00e9gis Dandoy es profesor de ciencia pol\u00edtica en la Universidad San Francisco de Quito (Ecuador), profesor invitado en la Universit\u00e9 Libre de Bruxelles (B\u00e9lgica) e investigador adjunto en la Universidad de Waseda (Tokio, Jap\u00f3n) y la Universidad de las Naciones Unidas (UNU-CRIS). Sus principales intereses de investigaci\u00f3n y publicaciones se centran en la pol\u00edtica comparada, la democracia digital, las elecciones y el voto electr\u00f3nico.<\/p><div class=\"tm-icon-links\"><\/div><\/div><\/div><div class=\"tm-info\"><h4 class=\"tm-name\">R\u00e9gys Dandoy<\/h4><span class=\"tm-role\">Profesor de ciencia pol\u00edtica en la Universidad San Francisco de Quito<\/span><a href=\"#\" class=\"btn-bio\"><span><\/span><\/a><\/div><\/div>\t\t\t\t<\/div>\n\t\t\t\t<\/div>\n\t\t\t\t\t<\/div>\n\t\t<\/div>\n\t\t\t\t<div class=\"elementor-column elementor-col-33 elementor-top-column elementor-element elementor-element-741049f\" data-id=\"741049f\" data-element_type=\"column\">\n\t\t\t<div class=\"elementor-widget-wrap elementor-element-populated\">\n\t\t\t\t\t\t\t\t<div class=\"elementor-element elementor-element-6239847 elementor-widget elementor-widget-team-card\" data-id=\"6239847\" data-element_type=\"widget\" data-widget_type=\"team-card.default\">\n\t\t\t\t<div class=\"elementor-widget-container\">\n\t\t\t<div class=\"team-card\"><div class=\"tm-img-wrapper\"><img decoding=\"async\" src=\"https:\/\/redreleg.sangregorio.edu.ec\/wp-content\/uploads\/2022\/02\/Juana-Ochoa-Almanza.jpg\" title=\"Juana Ochoa Almanza\" alt=\"Juana Ochoa Almanza\" loading=\"lazy\" \/><div class=\"tm-bio\"><h3 class=\"tm-title\">Biograf\u00eda<\/h3><p class=\"tm-description\">Docente e investigadora de la Maestr\u00eda en Comunicaci\u00f3n, desarrollo y cambio social, y co-editora de la Revista de Investigaci\u00f3n Mediaciones de la Facultad de Ciencias de la Comunicaci\u00f3n de la Corporaci\u00f3n Universitaria Minuto de Dios - UNIMINUTO.  Doctorante del Programa de Comunicaci\u00f3n de la Universidad Nacional de la Plata, Argentina, maestra en Estudios de G\u00e9nero de la Universidad Nacional de Colombia,  maestra en Pol\u00edtica Social de la Pontificia Universidad Javeriana y Antrop\u00f3loga de la Universidad de los Andes, Colombia. Inter\u00e9s investigativo: comunicaci\u00f3n, feminismos y g\u00e9nero; feminismos decoloniales e interseccionalidad; representaciones sociales de g\u00e9nero, y comunicaci\u00f3n e intercultural.<\/p><div class=\"tm-icon-links\">\r\n        <ul class=\"social-icons \">\r\n            \n<li>\r\n                    <a href='hhttps:\/\/www.instagram.com\/juana.ochoaa\/'>\r\n                        <i class='fab fa-instagram'><\/i>\r\n                    <\/a>\r\n                <\/li>\n<li>\r\n                    <a href='https:\/\/www.facebook.com\/juana.ochoa.54'>\r\n                        <i class='fab fa-facebook'><\/i>\r\n                    <\/a>\r\n                <\/li>\n\r\n        <\/ul><\/div><\/div><\/div><div class=\"tm-info\"><h4 class=\"tm-name\">Juana Ochoa Almanza<\/h4><span class=\"tm-role\">Docente e investigadora de la Maestr\u00eda en Comunicaci\u00f3n<\/span><a href=\"#\" class=\"btn-bio\"><span><\/span><\/a><\/div><\/div>\t\t\t\t<\/div>\n\t\t\t\t<\/div>\n\t\t\t\t\t<\/div>\n\t\t<\/div>\n\t\t\t\t<div class=\"elementor-column elementor-col-33 elementor-top-column elementor-element elementor-element-768d42c\" data-id=\"768d42c\" data-element_type=\"column\">\n\t\t\t<div class=\"elementor-widget-wrap elementor-element-populated\">\n\t\t\t\t\t\t\t\t<div class=\"elementor-element elementor-element-02c6be2 elementor-widget elementor-widget-team-card\" data-id=\"02c6be2\" data-element_type=\"widget\" data-widget_type=\"team-card.default\">\n\t\t\t\t<div class=\"elementor-widget-container\">\n\t\t\t<div class=\"team-card\"><div class=\"tm-img-wrapper\"><img decoding=\"async\" src=\"https:\/\/redreleg.sangregorio.edu.ec\/wp-content\/uploads\/2021\/12\/Emmanuelle_Sinardet.png\" title=\"Emmanuelle_Sinardet\" alt=\"Emmanuelle_Sinardet\" loading=\"lazy\" \/><div class=\"tm-bio\"><h3 class=\"tm-title\">Biograf\u00eda<\/h3><p class=\"tm-description\">Prof. Emmanuelle Sinardet es catedr\u00e1tica en historia y estudios culturales latinoamericanos de la Universidad Par\u00eds Nanterre. Es responsable del Centro de Estudios Ecuatorianos en el seno del laboratorio de investigaci\u00f3n CRIIA (Centre de Recherches Ib\u00e9riques et Ib\u00e9ro-am\u00e9ricaine) de la que fue tambi\u00e9n directora. Es tambi\u00e9n miembro de la Academia Nacional de Historia del Ecuador. M\u00e1s informaci\u00f3n en MME Emmanuelle SINARDET<\/p><div class=\"tm-icon-links\"><\/div><\/div><\/div><div class=\"tm-info\"><h4 class=\"tm-name\">Emmanuelle Sinardet<\/h4><span class=\"tm-role\">Catedr\u00e1tica en historia y estudios culturales latinoamericanos de la Universidad Par\u00eds Nanterre.<\/span><a href=\"#\" class=\"btn-bio\"><span><\/span><\/a><\/div><\/div>\t\t\t\t<\/div>\n\t\t\t\t<\/div>\n\t\t\t\t\t<\/div>\n\t\t<\/div>\n\t\t\t\t\t\t\t<\/div>\n\t\t<\/section>\n\t\t\t\t<section class=\"elementor-section elementor-top-section elementor-element elementor-element-a62b55a elementor-section-boxed elementor-section-height-default elementor-section-height-default\" data-id=\"a62b55a\" data-element_type=\"section\">\n\t\t\t\t\t\t<div class=\"elementor-container elementor-column-gap-default\">\n\t\t\t\t\t<div class=\"elementor-column elementor-col-100 elementor-top-column elementor-element elementor-element-24d3c70\" data-id=\"24d3c70\" data-element_type=\"column\">\n\t\t\t<div class=\"elementor-widget-wrap elementor-element-populated\">\n\t\t\t\t\t\t\t\t<section class=\"elementor-section elementor-inner-section elementor-element elementor-element-db3b86a elementor-section-boxed elementor-section-height-default elementor-section-height-default\" data-id=\"db3b86a\" data-element_type=\"section\">\n\t\t\t\t\t\t<div class=\"elementor-container elementor-column-gap-default\">\n\t\t\t\t\t<div class=\"elementor-column elementor-col-33 elementor-inner-column elementor-element elementor-element-8633ac5\" data-id=\"8633ac5\" data-element_type=\"column\">\n\t\t\t<div class=\"elementor-widget-wrap elementor-element-populated\">\n\t\t\t\t\t\t\t\t<div class=\"elementor-element elementor-element-01c868b elementor-widget elementor-widget-team-card\" data-id=\"01c868b\" data-element_type=\"widget\" data-widget_type=\"team-card.default\">\n\t\t\t\t<div class=\"elementor-widget-container\">\n\t\t\t<div class=\"team-card\"><div class=\"tm-img-wrapper\"><img decoding=\"async\" src=\"https:\/\/redreleg.sangregorio.edu.ec\/wp-content\/uploads\/2021\/12\/Ana_Verdu.png\" title=\"Ana_Verdu\" alt=\"Ana_Verdu\" loading=\"lazy\" \/><div class=\"tm-bio\"><h3 class=\"tm-title\">Biograf\u00eda<\/h3><p class=\"tm-description\">Antrop\u00f3loga Social y Cultural y Doctora en Estudios e Investigaci\u00f3n sobre las\nMujeres, Feministas y de G\u00e9nero, por la Universidad Miguel Hern\u00e1ndez de\nElche. Ha trabajado en el Instituto Interuniversitario de Desarrollo Social y Paz\nde la Universidad de Alicante y en el Centro Interdisciplinar de Estudios de\nG\u00e9nero de la Universidad Miguel Hern\u00e1ndez de Elche. En la actualidad es\ndocente e investigadora en la Universidad T\u00e9cnica Particular de Loja.<\/p><div class=\"tm-icon-links\"><\/div><\/div><\/div><div class=\"tm-info\"><h4 class=\"tm-name\">Ana Verd\u00fa Delgado<\/h4><span class=\"tm-role\">Ph.D. en Estudios e Investigaci\u00f3n sobre las Mujeres, Feministas y de G\u00e9nero<\/span><a href=\"#\" class=\"btn-bio\"><span><\/span><\/a><\/div><\/div>\t\t\t\t<\/div>\n\t\t\t\t<\/div>\n\t\t\t\t\t<\/div>\n\t\t<\/div>\n\t\t\t\t<div class=\"elementor-column elementor-col-33 elementor-inner-column elementor-element elementor-element-338d356\" data-id=\"338d356\" data-element_type=\"column\">\n\t\t\t<div class=\"elementor-widget-wrap elementor-element-populated\">\n\t\t\t\t\t\t\t\t<div class=\"elementor-element elementor-element-b2c1030 elementor-widget elementor-widget-team-card\" data-id=\"b2c1030\" data-element_type=\"widget\" data-widget_type=\"team-card.default\">\n\t\t\t\t<div class=\"elementor-widget-container\">\n\t\t\t<div class=\"team-card\"><div class=\"tm-img-wrapper\"><img decoding=\"async\" src=\"https:\/\/redreleg.sangregorio.edu.ec\/wp-content\/uploads\/2021\/12\/Diana_Sarrade.png\" title=\"Diana_Sarrade\" alt=\"Diana_Sarrade\" loading=\"lazy\" \/><div class=\"tm-bio\"><h3 class=\"tm-title\">Biograf\u00eda<\/h3><p class=\"tm-description\">Docente en la Universidad de Burdeos desde 2010, soy Responsable de la Licencia Profesional en Gesti\u00f3n Intercultural en el ambito Internacional y de las Relaciones Internacionales del Departamento de T\u00e9cnicas de Comercializacion. Investigadora del Centro de Investigaciones Ib\u00e9ricas e Iberoamericanas (CRIIA por las siglas en franc\u00e9s) de la Universidad de Paris Nanterre, mis ejes de investigaci\u00f3n actuales conciernen el Ecuador, en particular, la econom\u00eda popular, social y solidaria, el concepto constitucional del buen vivir, los avances en materia ambiental de la Constituci\u00f3n de 2008, las controversias en torno al concepto de derecho de la naturaleza y el proyecto intercultural y plurinacional del Estado ecuatoriano.<\/p><div class=\"tm-icon-links\"><\/div><\/div><\/div><div class=\"tm-info\"><h4 class=\"tm-name\">Diana Sarrade<\/h4><span class=\"tm-role\">Docente en la Universidad de Burdeos desde 2010<\/span><a href=\"#\" class=\"btn-bio\"><span><\/span><\/a><\/div><\/div>\t\t\t\t<\/div>\n\t\t\t\t<\/div>\n\t\t\t\t\t<\/div>\n\t\t<\/div>\n\t\t\t\t<div class=\"elementor-column elementor-col-33 elementor-inner-column elementor-element elementor-element-6d94dbd\" data-id=\"6d94dbd\" data-element_type=\"column\">\n\t\t\t<div class=\"elementor-widget-wrap elementor-element-populated\">\n\t\t\t\t\t\t\t\t<div class=\"elementor-element elementor-element-94da1c9 elementor-widget elementor-widget-team-card\" data-id=\"94da1c9\" data-element_type=\"widget\" data-widget_type=\"team-card.default\">\n\t\t\t\t<div class=\"elementor-widget-container\">\n\t\t\t<div class=\"team-card\"><div class=\"tm-img-wrapper\"><img decoding=\"async\" src=\"https:\/\/redreleg.sangregorio.edu.ec\/wp-content\/uploads\/2021\/12\/Gina_Alonso.png\" title=\"Gina_Alonso\" alt=\"Gina_Alonso\" loading=\"lazy\" \/><div class=\"tm-bio\"><h3 class=\"tm-title\">Biograf\u00eda<\/h3><p class=\"tm-description\">Licenciada en Enfermer\u00eda \nMagister en Emergencias Medicas \nCandidata a Doctora en Enfermer\u00eda en la Universidad de Antioquia-Colombia.\nDocente Titular de la Carrera de Enfermer\u00eda en la Universidad Estatal del Sur de Manab\u00ed\nDocente de la Maestr\u00eda en \u201cGesti\u00f3n del Cuidado\u201d en la Universidad Estatal del Sur de Manab\u00ed<\/p><div class=\"tm-icon-links\"><\/div><\/div><\/div><div class=\"tm-info\"><h4 class=\"tm-name\">Gina Alonso<\/h4><span class=\"tm-role\">Licenciada en Enfermer\u00eda<\/span><a href=\"#\" class=\"btn-bio\"><span><\/span><\/a><\/div><\/div>\t\t\t\t<\/div>\n\t\t\t\t<\/div>\n\t\t\t\t\t<\/div>\n\t\t<\/div>\n\t\t\t\t\t\t\t<\/div>\n\t\t<\/section>\n\t\t\t\t\t<\/div>\n\t\t<\/div>\n\t\t\t\t\t\t\t<\/div>\n\t\t<\/section>\n\t\t\t\t<section class=\"elementor-section elementor-top-section elementor-element elementor-element-2c938da elementor-section-boxed elementor-section-height-default elementor-section-height-default\" data-id=\"2c938da\" data-element_type=\"section\">\n\t\t\t\t\t\t<div class=\"elementor-container elementor-column-gap-default\">\n\t\t\t\t\t<div class=\"elementor-column elementor-col-100 elementor-top-column elementor-element elementor-element-4b1865e\" data-id=\"4b1865e\" data-element_type=\"column\">\n\t\t\t<div class=\"elementor-widget-wrap elementor-element-populated\">\n\t\t\t\t\t\t\t\t<section class=\"elementor-section elementor-inner-section elementor-element elementor-element-50e64b3 elementor-section-boxed elementor-section-height-default elementor-section-height-default\" data-id=\"50e64b3\" data-element_type=\"section\">\n\t\t\t\t\t\t<div class=\"elementor-container elementor-column-gap-default\">\n\t\t\t\t\t<div class=\"elementor-column elementor-col-33 elementor-inner-column elementor-element elementor-element-0237bea\" data-id=\"0237bea\" data-element_type=\"column\">\n\t\t\t<div class=\"elementor-widget-wrap elementor-element-populated\">\n\t\t\t\t\t\t\t\t<div class=\"elementor-element elementor-element-39db288 elementor-widget elementor-widget-team-card\" data-id=\"39db288\" data-element_type=\"widget\" data-widget_type=\"team-card.default\">\n\t\t\t\t<div class=\"elementor-widget-container\">\n\t\t\t<div class=\"team-card\"><div class=\"tm-img-wrapper\"><img decoding=\"async\" src=\"https:\/\/redreleg.sangregorio.edu.ec\/wp-content\/uploads\/2022\/02\/Gaby-Moreira.jpeg\" title=\"Gaby Moreira\" alt=\"Gaby Moreira\" loading=\"lazy\" \/><div class=\"tm-bio\"><h3 class=\"tm-title\">Biograf\u00eda<\/h3><p class=\"tm-description\">Doctora por la Universidad de Granada en Paz, Conflictos y Democracia.  Licenciada en Ciencias de la Educaci\u00f3n. Abogada de los Juzgados y Tribunales de la Rep\u00fablica del Ecuador. Diploma Superior en Intervenci\u00f3n Social.  Docente  Titular Investigadora de la Universidad T\u00e9cnica Particular de Loja Departamento de Ciencias Jur\u00eddicas- Coordinadora Acad\u00e9mica de la C\u00e1tedra UNESCO de Cultura y Educaci\u00f3n para la Paz de la UTPL\u2028. Coordinadora del Grupo de Investigaci\u00f3n Paz, Ambiente y Sociedad<\/p><div class=\"tm-icon-links\">\r\n        <ul class=\"social-icons \">\r\n            \n<li>\r\n                    <a href='https:\/\/www.linkedin.com\/in\/gabriela-moreira-aguirre-96487269\/'>\r\n                        <i class='fab fa-linkedin-in'><\/i>\r\n                    <\/a>\r\n                <\/li>\n<li>\r\n                    <a href='https:\/\/www.facebook.com\/gabriela.m.aguirre.3'>\r\n                        <i class='fab fa-facebook'><\/i>\r\n                    <\/a>\r\n                <\/li>\n\r\n        <\/ul><\/div><\/div><\/div><div class=\"tm-info\"><h4 class=\"tm-name\">Gaby Moreira<\/h4><span class=\"tm-role\">Doctora por la Universidad de Granada en Paz, Conflictos y Democracia.  <\/span><a href=\"#\" class=\"btn-bio\"><span><\/span><\/a><\/div><\/div>\t\t\t\t<\/div>\n\t\t\t\t<\/div>\n\t\t\t\t\t<\/div>\n\t\t<\/div>\n\t\t\t\t<div class=\"elementor-column elementor-col-33 elementor-inner-column elementor-element elementor-element-565136d\" data-id=\"565136d\" data-element_type=\"column\">\n\t\t\t<div class=\"elementor-widget-wrap elementor-element-populated\">\n\t\t\t\t\t\t\t\t<div class=\"elementor-element elementor-element-02d516d elementor-widget elementor-widget-team-card\" data-id=\"02d516d\" data-element_type=\"widget\" data-widget_type=\"team-card.default\">\n\t\t\t\t<div class=\"elementor-widget-container\">\n\t\t\t<div class=\"team-card\"><div class=\"tm-img-wrapper\"><img decoding=\"async\" src=\"https:\/\/redreleg.sangregorio.edu.ec\/wp-content\/uploads\/2023\/02\/25311086_1478943745488433_7769542947203872670_o.jpeg\" title=\"25311086_1478943745488433_7769542947203872670_o\" alt=\"25311086_1478943745488433_7769542947203872670_o\" loading=\"lazy\" \/><div class=\"tm-bio\"><h3 class=\"tm-title\">Biograf\u00eda<\/h3><p class=\"tm-description\">Docente investigadora de la Universidad de Cuenca. Directora de la Maestr\u00eda en Educaci\u00f3n menci\u00f3n Inclusi\u00f3n Educativa y Atenci\u00f3n a la Diversidad. Graduada del M\u00e1ster Euro latinoamericano en Educaci\u00f3n Intercultural y del Programa de Doctorado en Educaci\u00f3n en la l\u00ednea de investigaci\u00f3n en Estudios Interculturales en Educaci\u00f3n, Universidad Nacional de Educaci\u00f3n a Distancia UNED Espa\u00f1a. Sus l\u00edneas de trabajo se centran en los estudios interculturales en educaci\u00f3n, estudios de g\u00e9nero, di\u00e1logo de saberes atenci\u00f3n a la diversidad.<\/p><div class=\"tm-icon-links\"><\/div><\/div><\/div><div class=\"tm-info\"><h4 class=\"tm-name\">Fanny Tubay Zambrano<\/h4><span class=\"tm-role\">Docente investigadora de la Universidad de Cuenca<\/span><a href=\"#\" class=\"btn-bio\"><span><\/span><\/a><\/div><\/div>\t\t\t\t<\/div>\n\t\t\t\t<\/div>\n\t\t\t\t\t<\/div>\n\t\t<\/div>\n\t\t\t\t<div class=\"elementor-column elementor-col-33 elementor-inner-column elementor-element elementor-element-5e1ffa1\" data-id=\"5e1ffa1\" data-element_type=\"column\">\n\t\t\t<div class=\"elementor-widget-wrap\">\n\t\t\t\t\t\t\t\t\t<\/div>\n\t\t<\/div>\n\t\t\t\t\t\t\t<\/div>\n\t\t<\/section>\n\t\t\t\t\t<\/div>\n\t\t<\/div>\n\t\t\t\t\t\t\t<\/div>\n\t\t<\/section>\n\t\t\t\t\t\t\t<\/div>\n\t\t","protected":false},"excerpt":{"rendered":"<p>Biograf\u00eda Docente en la Universidad de Burdeos desde 2010, soy Responsable de la Licencia Profesional en Gesti\u00f3n Intercultural en el ambito Internacional y de las Relaciones Internacionales del Departamento de T\u00e9cnicas de Comercializacion. Investigadora del Centro de Investigaciones Ib\u00e9ricas e Iberoamericanas (CRIIA por las siglas en franc\u00e9s) de la Universidad de Paris Nanterre, mis ejes de investigaci\u00f3n actuales conciernen el Ecuador, en particular, la econom\u00eda popular, social y solidaria, el concepto constitucional del buen vivir, los avances en materia ambiental de la Constituci\u00f3n de 2008, las controversias en torno al concepto de derecho de la naturaleza y el proyecto intercultural&#8230;<\/p>\n","protected":false},"author":1,"featured_media":0,"parent":0,"menu_order":0,"comment_status":"closed","ping_status":"closed","template":"","meta":{"om_disable_all_campaigns":false,"_mi_skip_tracking":false},"acf":[],"aioseo_notices":[],"_links":{"self":[{"href":"https:\/\/redreleg.sangregorio.edu.ec\/index.php\/wp-json\/wp\/v2\/pages\/7698"}],"collection":[{"href":"https:\/\/redreleg.sangregorio.edu.ec\/index.php\/wp-json\/wp\/v2\/pages"}],"about":[{"href":"https:\/\/redreleg.sangregorio.edu.ec\/index.php\/wp-json\/wp\/v2\/types\/page"}],"author":[{"embeddable":true,"href":"https:\/\/redreleg.sangregorio.edu.ec\/index.php\/wp-json\/wp\/v2\/users\/1"}],"replies":[{"embeddable":true,"href":"https:\/\/redreleg.sangregorio.edu.ec\/index.php\/wp-json\/wp\/v2\/comments?post=7698"}],"version-history":[{"count":5,"href":"https:\/\/redreleg.sangregorio.edu.ec\/index.php\/wp-json\/wp\/v2\/pages\/7698\/revisions"}],"predecessor-version":[{"id":7703,"href":"https:\/\/redreleg.sangregorio.edu.ec\/index.php\/wp-json\/wp\/v2\/pages\/7698\/revisions\/7703"}],"wp:attachment":[{"href":"https:\/\/redreleg.sangregorio.edu.ec\/index.php\/wp-json\/wp\/v2\/media?parent=7698"}],"curies":[{"name":"wp","href":"https:\/\/api.w.org\/{rel}","templated":true}]}}